{"id":215707,"date":"2023-01-27T13:34:53","date_gmt":"2023-01-27T11:34:53","guid":{"rendered":"https:\/\/laserlens.gr\/ekipi-shkencor\/"},"modified":"2023-09-04T13:17:04","modified_gmt":"2023-09-04T10:17:04","slug":"ekipi-shkencor","status":"publish","type":"page","link":"https:\/\/laserlens.gr\/sq\/ekipi-shkencor\/","title":{"rendered":"Ekipi Shkencor"},"content":{"rendered":"<p>[et_pb_section fb_built=&#8221;1&#8243; custom_padding_last_edited=&#8221;on|tablet&#8221; admin_label=&#8221;Header&#8221; _builder_version=&#8221;4.16&#8243; background_image=&#8221;https:\/\/laserlens.gr\/wp-content\/uploads\/2023\/01\/family-doctor-008.png&#8221; custom_padding=&#8221;200px|||100px||&#8221; custom_padding_tablet=&#8221;50px|||0px|false|false&#8221; custom_padding_phone=&#8221;&#8221; global_colors_info=&#8221;{}&#8221;][et_pb_row column_structure=&#8221;1_2,1_2&#8243; custom_padding_last_edited=&#8221;on|phone&#8221; _builder_version=&#8221;4.16&#8243; background_color=&#8221;#216477&#8243; overflow-x=&#8221;visible&#8221; overflow-y=&#8221;visible&#8221; custom_padding=&#8221;80px|80px|80px||true|false&#8221; custom_padding_tablet=&#8221;40px|40px|40px|40px|true|true&#8221; custom_padding_phone=&#8221;20px|20px|20px|20px|true|true&#8221; border_radii=&#8221;off|130px||130px|&#8221; border_radii_tablet=&#8221;off|60px||60px|&#8221; border_radii_phone=&#8221;off|30px||30px|&#8221; border_radii_last_edited=&#8221;on|phone&#8221; global_colors_info=&#8221;{}&#8221;][et_pb_column type=&#8221;1_2&#8243; _builder_version=&#8221;4.16&#8243; global_colors_info=&#8221;{}&#8221;][et_pb_text _builder_version=&#8221;4.16&#8243; text_font=&#8221;Open Sans||||||||&#8221; text_text_color=&#8221;#ffffff&#8221; text_font_size=&#8221;16px&#8221; header_font=&#8221;Open Sans|600|||||||&#8221; header_text_color=&#8221;#ffffff&#8221; header_font_size=&#8221;32px&#8221; header_line_height=&#8221;1.2em&#8221; custom_margin=&#8221;|||22px|false|false&#8221; custom_margin_tablet=&#8221;|||0px|false|false&#8221; custom_margin_phone=&#8221;&#8221; custom_margin_last_edited=&#8221;on|tablet&#8221; header_text_align_tablet=&#8221;center&#8221; header_text_align_phone=&#8221;center&#8221; header_text_align_last_edited=&#8221;on|tablet&#8221; header_font_size_tablet=&#8221;30px&#8221; header_font_size_phone=&#8221;24px&#8221; header_font_size_last_edited=&#8221;on|phone&#8221; text_orientation_tablet=&#8221;center&#8221; text_orientation_phone=&#8221;center&#8221; text_orientation_last_edited=&#8221;on|phone&#8221; global_colors_info=&#8221;{}&#8221;]<\/p>\n<h1>Nj\u00ebsia Okulistike LaserLens Janin\u00eb<\/h1>\n<p>Njihuni me ekipin shkencor t\u00eb Laserlens<\/p>\n<p>[\/et_pb_text][et_pb_button button_url=&#8221;@ET-DC@eyJkeW5hbWljIjp0cnVlLCJjb250ZW50IjoicG9zdF9saW5rX3VybF9wYWdlIiwic2V0dGluZ3MiOnsicG9zdF9pZCI6IjIxNDcyNCJ9fQ==@&#8221; button_text=&#8221;B\u00ebni nj\u00eb takim&#8221; button_alignment_tablet=&#8221;center&#8221; button_alignment_phone=&#8221;center&#8221; button_alignment_last_edited=&#8221;on|phone&#8221; _builder_version=&#8221;4.16&#8243; _dynamic_attributes=&#8221;button_url&#8221; custom_button=&#8221;on&#8221; button_text_size=&#8221;14px&#8221; button_text_color=&#8221;#000000&#8243; button_bg_color=&#8221;#efefef&#8221; button_border_width=&#8221;0px&#8221; button_border_radius=&#8221;100px&#8221; button_letter_spacing=&#8221;2px&#8221; button_font=&#8221;Work Sans|||on|||||&#8221; background_layout=&#8221;dark&#8221; custom_margin=&#8221;|||22px|false|false&#8221; custom_margin_tablet=&#8221;|||0px|false|false&#8221; custom_margin_phone=&#8221;&#8221; custom_margin_last_edited=&#8221;on|phone&#8221; custom_padding=&#8221;18px|40px|18px|40px|true|true&#8221; custom_padding_tablet=&#8221;15px||15px||true|true&#8221; custom_padding_phone=&#8221;12px|22px|12px|22px|true|true&#8221; custom_padding_last_edited=&#8221;on|phone&#8221; button_text_size_tablet=&#8221;&#8221; button_text_size_phone=&#8221;12px&#8221; button_text_size_last_edited=&#8221;on|phone&#8221; global_colors_info=&#8221;{}&#8221; button_bg_color__hover_enabled=&#8221;on|hover&#8221; button_bg_color__hover=&#8221;#005450&#8243; button_bg_enable_color__hover=&#8221;on&#8221;][\/et_pb_button][\/et_pb_column][et_pb_column type=&#8221;1_2&#8243; _builder_version=&#8221;4.16&#8243; global_colors_info=&#8221;{}&#8221;][et_pb_image src=&#8221;https:\/\/laserlens.gr\/wp-content\/uploads\/2023\/03\/gallery-1.jpg&#8221; alt=&#8221;gallery 1&#8243; title_text=&#8221;gallery-1&#8243; force_fullwidth=&#8221;on&#8221; _builder_version=&#8221;4.16&#8243; custom_margin=&#8221;|||5vw|false|false&#8221; custom_margin_tablet=&#8221;0px||||false|false&#8221; custom_margin_phone=&#8221;&#8221; custom_margin_last_edited=&#8221;on|phone&#8221; animation_style=&#8221;zoom&#8221; animation_direction=&#8221;top&#8221; animation_duration=&#8221;500ms&#8221; animation_intensity_flip_tablet=&#8221;0%&#8221; animation_intensity_flip_phone=&#8221;&#8221; animation_intensity_flip_last_edited=&#8221;on|tablet&#8221; border_radii=&#8221;off|100px||100px|&#8221; border_radii_tablet=&#8221;off|50px||50px|&#8221; border_radii_phone=&#8221;off|20px||20px|&#8221; border_radii_last_edited=&#8221;on|phone&#8221; box_shadow_style=&#8221;preset2&#8243; box_shadow_horizontal=&#8221;80px&#8221; box_shadow_vertical=&#8221;80px&#8221; box_shadow_blur=&#8221;130px&#8221; box_shadow_color=&#8221;rgba(66,66,66,0.4)&#8221; box_shadow_horizontal_tablet=&#8221;20px&#8221; box_shadow_horizontal_phone=&#8221;10px&#8221; box_shadow_horizontal_last_edited=&#8221;off|desktop&#8221; box_shadow_vertical_tablet=&#8221;20px&#8221; box_shadow_vertical_phone=&#8221;10px&#8221; box_shadow_vertical_last_edited=&#8221;off|desktop&#8221; box_shadow_blur_tablet=&#8221;30px&#8221; box_shadow_blur_phone=&#8221;30px&#8221; box_shadow_blur_last_edited=&#8221;off|desktop&#8221; global_colors_info=&#8221;{}&#8221;][\/et_pb_image][\/et_pb_column][\/et_pb_row][\/et_pb_section][et_pb_section fb_built=&#8221;1&#8243; _builder_version=&#8221;4.16&#8243; background_color=&#8221;#f7f7f7&#8243; background_image=&#8221;https:\/\/laserlens.gr\/wp-content\/uploads\/2023\/01\/family-doctor-008.png&#8221; background_size=&#8221;initial&#8221; background_repeat=&#8221;repeat&#8221; custom_padding=&#8221;28px||8px|||&#8221; global_colors_info=&#8221;{}&#8221;][et_pb_row custom_padding_last_edited=&#8221;on|phone&#8221; _builder_version=&#8221;4.16&#8243; custom_padding_tablet=&#8221;0px||||false|false&#8221; custom_padding_phone=&#8221;0px||||false|false&#8221; global_colors_info=&#8221;{}&#8221;][et_pb_column type=&#8221;4_4&#8243; _builder_version=&#8221;4.16&#8243; global_colors_info=&#8221;{}&#8221;][et_pb_text _builder_version=&#8221;4.16&#8243; text_font=&#8221;Open Sans||||||||&#8221; text_font_size=&#8221;15px&#8221; header_2_font=&#8221;Open Sans||||||||&#8221; header_2_text_align=&#8221;center&#8221; header_2_font_size=&#8221;28px&#8221; text_font_size_tablet=&#8221;&#8221; text_font_size_phone=&#8221;&#8221; text_font_size_last_edited=&#8221;on|phone&#8221; header_2_font_size_tablet=&#8221;&#8221; header_2_font_size_phone=&#8221;22px&#8221; header_2_font_size_last_edited=&#8221;on|phone&#8221; text_orientation_tablet=&#8221;center&#8221; text_orientation_phone=&#8221;&#8221; text_orientation_last_edited=&#8221;on|phone&#8221; global_colors_info=&#8221;{}&#8221;]<\/p>\n<h2>Takoni Ekspert\u00ebt<\/h2>\n<p style=\"text-align: justify;\">Mjek\u00ebt e LaserLens n\u00eb Janin\u00eb ju presin n\u00eb nj\u00eb mjedis luksoz, miq\u00ebsor dhe t\u00eb aksesuesh\u00ebm, duke zhvilluar infrastruktura inovative dhe duke synuar gjithmon\u00eb trajtimin n\u00eb koh\u00eb dhe t\u00eb besuesh\u00ebm t\u00eb problemeve. Q\u00ebllimi yn\u00eb ishte krijimi i nj\u00eb qendre moderne q\u00eb ofron sh\u00ebrbime diagnostike, kirurgjikale dhe terapeutike p\u00ebr \u00e7do problem, pavar\u00ebsisht nga kompleksiteti apo v\u00ebshtir\u00ebsia e tij.<\/p>\n<p>[\/et_pb_text][\/et_pb_column][\/et_pb_row][et_pb_row column_structure=&#8221;1_2,1_2&#8243; _builder_version=&#8221;4.16&#8243; max_width=&#8221;1200px&#8221; global_colors_info=&#8221;{}&#8221;][et_pb_column type=&#8221;1_2&#8243; _builder_version=&#8221;4.16&#8243; global_colors_info=&#8221;{}&#8221;][et_pb_blurb title=&#8221;Evangelia Stagogianni&#8221; image=&#8221;https:\/\/laserlens.gr\/wp-content\/uploads\/2023\/01\/ofthalmologiki-monada-ioannina-laserlens-poioi-eimaste-3.png&#8221; alt=&#8221;ofthalmologiki monada ioannina laserlens poioi eimaste 1&#8243; _builder_version=&#8221;4.16&#8243; header_level=&#8221;h3&#8243; header_font=&#8221;Open Sans|600|||||||&#8221; header_font_size=&#8221;19px&#8221; body_font=&#8221;Open Sans||||||||&#8221; body_font_size=&#8221;15px&#8221; header_text_align_tablet=&#8221;center&#8221; header_text_align_phone=&#8221;center&#8221; header_text_align_last_edited=&#8221;on|tablet&#8221; body_text_align_tablet=&#8221;center&#8221; body_text_align_phone=&#8221;center&#8221; body_text_align_last_edited=&#8221;on|phone&#8221; border_radii_image=&#8221;on|200px|200px|200px|200px&#8221; global_colors_info=&#8221;{}&#8221;]<\/p>\n<p style=\"text-align: justify;\">Evangelia Stagogianni ka nj\u00eb MASTER N\u00cb MENAXHIM T\u00cb KUJDESIT SH\u00cbNDET\u00cbSOR dhe \u00ebsht\u00eb nj\u00eb okuliste e specializuar n\u00eb mikrokirurgjin\u00eb e kataraktit, oftalmologjin\u00eb pediatrike, kirurgjin\u00eb refraktive dhe operacionet e glaukom\u00ebs. Ai hyri n\u00eb Shkoll\u00ebn Mjek\u00ebsore t\u00eb Universidad de Oriente n\u00eb Bolivar n\u00eb 1992 dhe u diplomua me nderime n\u00eb 1999. M\u00eb pas ai u ritrajnua n\u00eb Departamentin e Oftalmologjis\u00eb n\u00eb Universidad Central de Venezuela. Hospital Universitario de Caracas\u00a8, Caracas Venezuela. i u specializua n\u00eb Oftalmologji n\u00eb Klinik\u00ebn dhe Spitalin Universitar t\u00eb Oftalmologjis\u00eb UNAM Dr Luis Sanchez Bulnes, Asociacion para Evitar la Ceguera en Mexico (A.P.E.C). Ty u ritrajnua n\u00eb kirurgjin\u00eb e kataraktit, glaukoma, oftalmologji pediatrike dhe korrigjimin e miopis\u00eb &#8211; hipermetropis\u00eb &#8211; astigmatizmit dhe presbiopis\u00eb me lazer dhe lente intraokulare. Pas p\u00ebrfundimit t\u00eb trajnimit pasuniversitar, ajo ka kryer mij\u00ebra operacione dhe ka fituar p\u00ebrvoj\u00eb t\u00eb gjer\u00eb n\u00eb keratoplastik\u00eb, kirurgji refraktive, transplantim t\u00eb qelizave staminale limbale, p\u00ebrdorimin e membran\u00ebs amniotike, flapat konjuktivale, implantimin e lenteve dhe diafragmave speciale intraokulare dhe teknik\u00ebn e restorimit t\u00eb hemisfer\u00ebs anteriore. si dhe valvulat e Ahmed Ahmedit . Profesor n\u00eb Departamentin e Oftalmologjis\u00eb (Mikrokirurgjia n\u00eb pjes\u00ebn e p\u00ebrparme t\u00eb syrit) Universidad Nacional Aut\u00f3noma de M\u00e9xico (UNAM) Asociaci\u00f3n para Evitar la Ceguera en M\u00e9xico. 2008 &#8211; 2012 dhe Drejtor Programi n\u00eb Departamentin e \u00a8Mikrokirurgjis\u00eb n\u00eb pjes\u00ebn e p\u00ebrparme t\u00eb syrit\u00a8 n\u00eb Universidad Nacional Aut\u00f3noma de M\u00e9xico (UNAM) Asociaci\u00f3n para Evitar la Ceguera en M\u00e9xico. 2011 -2012. Ajo ka botuar nj\u00eb vep\u00ebr t\u00eb pasur shkencore, me botime n\u00eb revista dhe libra autoritare nd\u00ebrkomb\u00ebtare t\u00eb oftalmologjis\u00eb si fol\u00ebse e ftuar e shum\u00eb Shoqatave Oftalmologjike t\u00eb huaja si n\u00eb Evrop\u00eb ashtu edhe n\u00eb Amerik\u00eb (ALACCSAR, SECOIR, ASCRS, ESCRS, CMCC).<\/p>\n<p>[\/et_pb_blurb][\/et_pb_column][et_pb_column type=&#8221;1_2&#8243; _builder_version=&#8221;4.16&#8243; global_colors_info=&#8221;{}&#8221;][et_pb_blurb title=&#8221;Chrysanthi Stagogianni&#8221; image=&#8221;https:\/\/laserlens.gr\/wp-content\/uploads\/2023\/01\/ofthalmologiki-monada-ioannina-laserlens-poioi-eimaste-4.png&#8221; alt=&#8221;ofthalmologiki monada ioannina laserlens poioi eimaste 4&#8243; _builder_version=&#8221;4.16&#8243; header_level=&#8221;h3&#8243; header_font=&#8221;Open Sans|600|||||||&#8221; header_font_size=&#8221;19px&#8221; body_font=&#8221;Open Sans||||||||&#8221; body_font_size=&#8221;15px&#8221; header_text_align_tablet=&#8221;center&#8221; header_text_align_phone=&#8221;center&#8221; header_text_align_last_edited=&#8221;on|phone&#8221; body_text_align_tablet=&#8221;center&#8221; body_text_align_phone=&#8221;center&#8221; body_text_align_last_edited=&#8221;on|phone&#8221; border_radii_image=&#8221;on|200px|200px|200px|200px&#8221; global_colors_info=&#8221;{}&#8221;]<\/p>\n<p style=\"text-align: justify;\">Chrysanthi Stagogianni \u00ebsht\u00eb nj\u00eb oftalmologe e specializuar n\u00eb mikrokirurgjin\u00eb e kataraktit, transplantet e kornes\u00eb, kirurgjin\u00eb refraktive dhe operacionet e glaukom\u00ebs. Ai hyri n\u00eb Shkoll\u00ebn Mjek\u00ebsore t\u00eb Universidad de Oriente n\u00eb Bolivar n\u00eb 1990 dhe u diplomua me nderime n\u00eb 1997. M\u00eb pas ai u ritrajnua n\u00eb Departamentin e Imunologjis\u00eb Oftalmike dhe Inflamacionit Intraokular t\u00eb Spitalit Universitar Francisco Antonio Risquez, Karakas, Venezuel\u00eb. i u specializua n\u00eb Oftalmologji n\u00eb Klinik\u00ebn dhe Spitalin Universitar t\u00eb Oftalmologjis\u00eb UNAM Dr Luis Sanchez Bulnes, Asociacion para Evitar la Ceguera en Mexico (A.P.E.C). Atje u ritrajnua p\u00ebr kirurgji t\u00eb kataraktit dhe kornes\u00eb dhe korrigjimin me lazer t\u00eb miopis\u00eb &#8211; hipermetropis\u00eb &#8211; astigmatizmit dhe presbiopis\u00eb. Pas p\u00ebrfundimit t\u00eb trajnimit pasuniversitar, ajo ka kryer mij\u00ebra operacione dhe ka fituar p\u00ebrvoj\u00eb t\u00eb gjer\u00eb n\u00eb keratoplastik\u00eb, kirurgji refraktive, transplantim t\u00eb qelizave staminale limbale, p\u00ebrdorimin e membran\u00ebs amniotike, flapat konjuktivale, implantimin e lenteve dhe diafragmave speciale intraokulare dhe teknik\u00ebn e restorimit t\u00eb hemisfer\u00ebs anteriore. si dhe valvulat e Ahmed Ahmedit . Ajo ka botuar nj\u00eb vep\u00ebr t\u00eb pasur shkencore, me botime n\u00eb revista dhe libra autoritare nd\u00ebrkomb\u00ebtare t\u00eb oftalmologjis\u00eb si fol\u00ebse e ftuar e shum\u00eb Shoqatave Oftalmologjike t\u00eb huaja si n\u00eb Evrop\u00eb ashtu edhe n\u00eb Amerik\u00eb (ALACCSA-R, SECOIR, ASCRS, ARVO, SVO).<\/p>\n<p>[\/et_pb_blurb][\/et_pb_column][\/et_pb_row][et_pb_row column_structure=&#8221;1_2,1_2&#8243; _builder_version=&#8221;4.16&#8243; max_width=&#8221;1200px&#8221; global_colors_info=&#8221;{}&#8221;][et_pb_column type=&#8221;1_2&#8243; _builder_version=&#8221;4.16&#8243; global_colors_info=&#8221;{}&#8221;][et_pb_blurb title=&#8221;Konstantinos Anastasilakis&#8221; image=&#8221;https:\/\/laserlens.gr\/wp-content\/uploads\/2023\/01\/ofthalmologiki-monada-ioannina-laserlens-poioi-eimaste-5.png&#8221; alt=&#8221;ofthalmologiki monada ioannina laserlens poioi eimaste 5&#8243; _builder_version=&#8221;4.16&#8243; header_level=&#8221;h3&#8243; header_font=&#8221;Open Sans|600|||||||&#8221; header_font_size=&#8221;19px&#8221; body_font=&#8221;Open Sans||||||||&#8221; body_font_size=&#8221;15px&#8221; header_text_align_tablet=&#8221;center&#8221; header_text_align_phone=&#8221;center&#8221; header_text_align_last_edited=&#8221;on|phone&#8221; body_text_align_tablet=&#8221;center&#8221; body_text_align_phone=&#8221;center&#8221; body_text_align_last_edited=&#8221;on|phone&#8221; border_radii_image=&#8221;on|200px|200px|200px|200px&#8221; global_colors_info=&#8221;{}&#8221;]<\/p>\n<p style=\"text-align: justify;\">Konstantinos Anastasilakis Dimitriou ka lindur n\u00eb vitin 1972. N\u00eb vitin 1990 pranohet n\u00eb Shkoll\u00ebn Ushtarake t\u00eb Korpusit t\u00eb Oficer\u00ebve, n\u00eb Departamentin e Mjek\u00ebsis\u00eb me klas\u00ebn e 8-t\u00eb dhe u diplomua n\u00eb vitin 1996 me klas\u00ebn e 4-t\u00eb. U regjistrua n\u00eb vitin 1990 n\u00eb Fakultetin e Mjek\u00ebsis\u00eb t\u00eb Universitetit t\u00eb Selanikut, nga ku u diplomua n\u00eb vitin 1996 me not\u00ebn \u201cShum\u00eb mir\u00eb\u201d. N\u00eb vitet 2000-2004 specializohet n\u00eb Oftalmologji n\u00eb Spitalin Hipokrati t\u00eb Selanikut. Prej vitit 2004 ka filluar t\u00eb ushtroj\u00eb profesionin privatisht. Nga viti 2005-2007 ka qen\u00eb Drejtor i departamentit t\u00eb oftalmologjis\u00eb n\u00eb Spitalin Ushtarak Didymoteicho. Nga viti 2007 deri n\u00eb vitin 2012 ka ushtruar detyr\u00ebn e Kuratorit t\u00eb Klinik\u00ebs s\u00eb Oftalmologjis\u00eb n\u00eb 424 GSNE Selanik me grad\u00ebn Okulist, duke mbajtur nj\u00ebkoh\u00ebsisht ordinanc\u00eb private n\u00eb rrug\u00ebn Tsimiski 130 n\u00eb qend\u00ebr t\u00eb Selanikut. Nga viti 2012 deri n\u00eb vitin 2014 ai sh\u00ebrbeu n\u00eb Shkoll\u00ebn Ushtarake t\u00eb Trupave t\u00eb Oficer\u00ebve (SSAS) si Shef i Departamentit t\u00eb Mjek\u00ebsis\u00eb. Prej gushtit t\u00eb vitit 2014 ka rinisur detyr\u00ebn e Kuratorit t\u00eb Klinik\u00ebs s\u00eb Oftalmologjis\u00eb n\u00eb 424 GSNE Selanik me grad\u00ebn Kryemjek. N\u00eb vitet 2010-2011 u rikualifikua p\u00ebr 18 muaj n\u00eb Klinik\u00ebn e Dyt\u00eb Universitare t\u00eb Oftalmologjis\u00eb (Spitali Papageorgiou i Selanikut) n\u00eb fush\u00ebn e Kirurgjis\u00eb dhe Patologjis\u00eb Vitreo-Retin\u00ebs, duke kryer operacione t\u00eb shumta t\u00eb specializuara. N\u00eb mars t\u00eb vitit 2015, ai mori titullin Doktor i Universitetit Aristoteli t\u00eb Selanikut me not\u00ebn &#8220;Shk\u00eblqyesh\u00ebm&#8221; pasi mb\u00ebshteti me sukses tez\u00ebn e tij. N\u00eb kuad\u00ebr t\u00eb doktoratur\u00ebs ka ndjekur me sukses kurset pasuniversitare \u201cPsikofiziologjia e Vizionit\u201d, \u201cGlaukoma: Nj\u00eb Qasje e Integruar\u201d, \u201cBazat e Mikrokirurgjis\u00eb\u201d dhe \u201cMjetet e K\u00ebrkimit n\u00eb Oftalmologji\u201d. Prej pes\u00eb vitesh merr pjes\u00eb n\u00eb m\u00ebsimdh\u00ebnien e kursit t\u00eb Oftalmologjis\u00eb p\u00ebr student\u00ebt e vitit t\u00eb 5-t\u00eb t\u00eb mjek\u00ebsis\u00eb n\u00eb Klinik\u00ebn e Dyt\u00eb Universitare t\u00eb Oftalmologjis\u00eb. \u00cbsht\u00eb partner shkencor i Qendr\u00ebs s\u00eb Laserit dhe Mikrokirurgjis\u00eb s\u00eb Syrit &#8220;Diathlasis&#8221; q\u00eb nga viti 2003, duke kryer operacione t\u00eb shumta p\u00ebr korrigjimin e miopis\u00eb, hipermetropis\u00eb, astigmatizmit me metodat LASIK dhe PRK. Ai \u00ebsht\u00eb gjithashtu bashk\u00ebpun\u00ebtor shkencor i departamentit qelqor-retin\u00eb t\u00eb qendr\u00ebs \u00a8Diathlasis\u00a8, p\u00ebrgjegj\u00ebs p\u00ebr kryerjen e operacioneve t\u00eb vitrektomis\u00eb (\u00e7k\u00ebputje t\u00eb retin\u00ebs, hemorragji t\u00eb qelqit, vrima makulare, etj.) \u00cbsht\u00eb an\u00ebtar i Shoqat\u00ebs Oftalmologjike t\u00eb Greqis\u00eb s\u00eb Veriut (\u00d6BE). ), t\u00eb Shoqat\u00ebs Helenike t\u00eb Kirurgjis\u00eb Intraokulare dhe Refraktive, t\u00eb Shoq\u00ebris\u00eb Hellenic Vitreous-Retina, t\u00eb shoq\u00ebris\u00eb evropiane t\u00eb kirurg\u00ebve t\u00eb kataraktit dhe refraktivit dhe t\u00eb shoq\u00ebris\u00eb evropiane t\u00eb specialist\u00ebve t\u00eb retin\u00ebs. Ai ka marr\u00eb pjes\u00eb dhe ka marr\u00eb pjes\u00eb si fol\u00ebs n\u00eb shum\u00eb konferenca Panhelenike dhe n\u00eb shum\u00eb Konferenca Oftalmologjike Nd\u00ebrkomb\u00ebtare (shih Puna Shkencore) q\u00eb nga viti 2000. Ai \u00ebsht\u00eb i martuar me Irini Charalambidou, profesoresh\u00eb e Filologjis\u00eb dhe ka dy f\u00ebmij\u00eb, Eleni, 16 vje\u00e7 dhe Christina, 12 vje\u00e7.<\/p>\n<p>[\/et_pb_blurb][\/et_pb_column][et_pb_column type=&#8221;1_2&#8243; _builder_version=&#8221;4.16&#8243; global_colors_info=&#8221;{}&#8221;][et_pb_blurb title=&#8221;Panagiotis Emm. Matsis&#8221; image=&#8221;https:\/\/laserlens.gr\/wp-content\/uploads\/2023\/01\/ofthalmologiki-monada-ioannina-laserlens-poioi-eimaste-6.png&#8221; alt=&#8221;ofthalmologiki monada ioannina laserlens poioi eimaste 6&#8243; _builder_version=&#8221;4.16&#8243; header_level=&#8221;h3&#8243; header_font=&#8221;Open Sans|600|||||||&#8221; header_font_size=&#8221;19px&#8221; body_font=&#8221;Open Sans||||||||&#8221; body_font_size=&#8221;15px&#8221; header_text_align_tablet=&#8221;center&#8221; header_text_align_phone=&#8221;center&#8221; header_text_align_last_edited=&#8221;on|phone&#8221; body_text_align_tablet=&#8221;center&#8221; body_text_align_phone=&#8221;center&#8221; body_text_align_last_edited=&#8221;on|phone&#8221; border_radii_image=&#8221;on|200px|200px|200px|200px&#8221; global_colors_info=&#8221;{}&#8221;]<\/p>\n<p style=\"text-align: justify;\">Dr. P.E.Matsis \u00ebsht\u00eb kirurg &#8211; okulist dhe i specializuar n\u00eb mikrokirurgjin\u00eb e kataraktit, kornes\u00eb, operacionet e glaukom\u00ebs, kirurgjin\u00eb refraktive me LASER dhe kirurgjin\u00eb e qepallave. Ai u diplomua n\u00eb Shkoll\u00ebn e Mjek\u00ebsis\u00eb t\u00eb Universitetit t\u00eb Athin\u00ebs dhe mori rezidenc\u00ebn n\u00eb Spitalin Pammakaristos dhe Spitalin e F\u00ebmij\u00ebve Penteli. Ai u ritrajnua n\u00eb Spitalin e Syve Moorfields dhe Spitalin Queen Alexandra. Partner i Medisystem dhe an\u00ebtar i Shoqat\u00ebs s\u00eb Kirurgjis\u00eb Plastike dhe Rind\u00ebrtuese Ophthalmic (EEOPEX) Trajnuar si Fellowship Klinike n\u00eb Departamentin Adnexal dhe Okuloplastik t\u00eb Spitalit t\u00eb Syve Moorfield, me Profesorin e Oftalmologjis\u00eb UCL prof. J.R.O.Collin.<\/p>\n<p>[\/et_pb_blurb][\/et_pb_column][\/et_pb_row][et_pb_row _builder_version=&#8221;4.20.2&#8243; _module_preset=&#8221;default&#8221; min_height=&#8221;897.7px&#8221; global_colors_info=&#8221;{}&#8221; theme_builder_area=&#8221;post_content&#8221;][et_pb_column type=&#8221;4_4&#8243; _builder_version=&#8221;4.20.2&#8243; _module_preset=&#8221;default&#8221; global_colors_info=&#8221;{}&#8221; theme_builder_area=&#8221;post_content&#8221;][et_pb_text _builder_version=&#8221;4.20.2&#8243; _module_preset=&#8221;default&#8221; header_2_text_color=&#8221;#216477&#8243; global_colors_info=&#8221;{}&#8221; theme_builder_area=&#8221;post_content&#8221;]<\/p>\n<h2 style=\"text-align: center;\"><span>Fotografi nga Konferencat Nd\u00ebrkomb\u00ebtare<\/span><\/h2>\n<h2><\/h2>\n<p>[\/et_pb_text][et_pb_gallery gallery_ids=&#8221;216959,216962,216965,216968,216971,216974,216977,216980,216983,216986&#8243; posts_number=&#8221;6&#8243; show_title_and_caption=&#8221;off&#8221; _builder_version=&#8221;4.20.2&#8243; _module_preset=&#8221;default&#8221; transform_scale=&#8221;126%|126%&#8221; transform_translate=&#8221;0px|81px&#8221; width=&#8221;100%&#8221; module_alignment=&#8221;center&#8221; min_height=&#8221;100px&#8221; height=&#8221;1000px&#8221; max_height=&#8221;627px&#8221; custom_css_gallery_item=&#8221;width: 27% !important;||margin: 30px !important;||clear: none !important;&#8221; border_radii=&#8221;off|60px||60px|&#8221; box_shadow_style_image=&#8221;preset2&#8243; global_colors_info=&#8221;{}&#8221; theme_builder_area=&#8221;post_content&#8221;][\/et_pb_gallery][\/et_pb_column][\/et_pb_row][\/et_pb_section]<\/p>\n","protected":false},"excerpt":{"rendered":"<p>Ekipi shkencor i LaserLens n\u00eb Janin\u00eb, duke zhvilluar infrastruktura inovative, synon trajtimin n\u00eb koh\u00eb dhe t\u00eb besuesh\u00ebm t\u00eb problemeve.<\/p>\n","protected":false},"author":1,"featured_media":215845,"parent":0,"menu_order":0,"comment_status":"closed","ping_status":"closed","template":"","meta":{"_et_pb_use_builder":"on","_et_pb_old_content":"","_et_gb_content_width":"","footnotes":""},"class_list":["post-215707","page","type-page","status-publish","has-post-thumbnail","hentry"],"_links":{"self":[{"href":"https:\/\/laserlens.gr\/sq\/wp-json\/wp\/v2\/pages\/215707"}],"collection":[{"href":"https:\/\/laserlens.gr\/sq\/wp-json\/wp\/v2\/pages"}],"about":[{"href":"https:\/\/laserlens.gr\/sq\/wp-json\/wp\/v2\/types\/page"}],"author":[{"embeddable":true,"href":"https:\/\/laserlens.gr\/sq\/wp-json\/wp\/v2\/users\/1"}],"replies":[{"embeddable":true,"href":"https:\/\/laserlens.gr\/sq\/wp-json\/wp\/v2\/comments?post=215707"}],"version-history":[{"count":8,"href":"https:\/\/laserlens.gr\/sq\/wp-json\/wp\/v2\/pages\/215707\/revisions"}],"predecessor-version":[{"id":217010,"href":"https:\/\/laserlens.gr\/sq\/wp-json\/wp\/v2\/pages\/215707\/revisions\/217010"}],"wp:featuredmedia":[{"embeddable":true,"href":"https:\/\/laserlens.gr\/sq\/wp-json\/wp\/v2\/media\/215845"}],"wp:attachment":[{"href":"https:\/\/laserlens.gr\/sq\/wp-json\/wp\/v2\/media?parent=215707"}],"curies":[{"name":"wp","href":"https:\/\/api.w.org\/{rel}","templated":true}]}}